{"id":5807,"date":"2024-03-06T17:08:04","date_gmt":"2024-03-06T17:08:04","guid":{"rendered":"https:\/\/www.basgroupglobal.com\/acik-pozisyonlar-kariyer\/"},"modified":"2025-08-21T11:06:44","modified_gmt":"2025-08-21T11:06:44","slug":"acik-pozisyonlar","status":"publish","type":"page","link":"https:\/\/www.basgroupglobal.com\/tr\/acik-pozisyonlar\/","title":{"rendered":"A\u00e7\u0131k Pozisyonlar &#8211; Kariyer"},"content":{"rendered":"<div class=\"wpb-content-wrapper\"><p>[vc_section][vc_row][vc_column]<div class=\"wpb_content_element \"><style type=\"text\/css\">#ut_header_69f5d3ea93cd6 h1.section-title { font-size:65px !important;line-height:75px !important;letter-spacing:-0.05em; }<\/style><header id=\"ut_header_69f5d3ea93cd6\" class=\"section-header  ut-no-title-linebreak-mobile ut-no-lead-linebreak-mobile pt-style-2 header-center header-tablet-center header-mobile-center element-with-custom-line-height\"><div class=\"element-with-custom-line-height\" ><h1 data-title=\"B\u0130ZE KATILIN\"  data-responsive-font=\"section_title\" data-responsive-font-settings=\"{&quot;base-font-size&quot;:&quot;65&quot;,&quot;font-size-unit&quot;:&quot;px&quot;,&quot;font-size&quot;:{&quot;desktop_large&quot;:&quot;65&quot;},&quot;base-line-height&quot;:&quot;75&quot;,&quot;line-height-unit&quot;:&quot;px&quot;,&quot;line-height&quot;:{&quot;desktop_large&quot;:&quot;75&quot;},&quot;base-letter-spacing&quot;:&quot;global&quot;,&quot;letter-spacing&quot;:{&quot;desktop_large&quot;:&quot;-0.05&quot;}}\" class=\"section-title  \"><span>B\u0130ZE KATILIN<\/span><\/h1><\/div><div data-delay=\"0\" class=\"lead \"><p>Uzmanl\u0131\u011f\u0131n\u0131zla Ambalaj Sekt\u00f6r\u00fcn\u00fcn Gelece\u011fini \u015eekillendirin.<\/p>\n<p>Bilgi ve becerilerinizi Ba\u015f Group\u2019a ta\u015f\u0131y\u0131n ve yenilik\u00e7i, s\u00fcrd\u00fcr\u00fclebilir ambalaj sekt\u00f6r\u00fcnde bir lider olun. Dinamik ekibimize kat\u0131larak ilerlemeye, yarat\u0131c\u0131l\u0131\u011fa ve m\u00fckemmelli\u011fe katk\u0131 sa\u011flay\u0131n. Ki\u015fisel verilerinizin nas\u0131l i\u015flendi\u011fine dair detayl\u0131 bilgi i\u00e7in l\u00fctfen  \u201c<a href=\"https:\/\/www.basgroupglobal.com\/wp-content\/uploads\/2023\/09\/Bas-Group-KVKK-TR.pdf\" target=\"_blank\" rel=\"noopener\">Ba\u015f Group \u00c7al\u0131\u015fan Aday\u0131 Ayd\u0131nlatma Metni<\/a>\u201cnden ula\u015fabilirsiniz.<\/p>\n<\/div><\/header><\/div><div class=\"wpb_content_element \"><style type=\"text\/css\">#ut_accordion_69f5d3ea9a6da .ut-accordion-module-item.open .ut-accordion-module-heading { color: rgba(198, 137, 114, 1) !important }#ut_accordion_69f5d3ea9a6da .ut-accordion-module-heading:hover { color: rgba(198, 137, 114, 1) !important }#ut_accordion_69f5d3ea9a6da .ut-accordion-module-heading:active { color: rgba(198, 137, 114, 1) !important }#ut_accordion_69f5d3ea9a6da .ut-accordion-module-heading:focus { color: rgba(198, 137, 114, 1) !important }#ut_accordion_69f5d3ea9a6da .ut-accordion-module-item { border-top-style:solid; }#ut_accordion_69f5d3ea9a6da .ut-accordion-module-item:last-child { border-top-style:solid; border-bottom-style:solid; }#ut_accordion_69f5d3ea9a6da .ut-accordion-module-heading::before { -webkit-border-radius: 50%; -moz-border-radius: 50%; border-radius: 50%; }<\/style><div id=\"ut_accordion_69f5d3ea9a6da\" data-accordion-group class=\"ut-accordion-module ut-accordion-module-single  ut-accordion-module-with-counter ut-accordion-module-with-border\"><div data-accordion data-accordion data-single data-transition=\"400\" data-easing=\"ease\" class=\"ut-accordion-module-item \"><h3 data-control class=\"ut-accordion-module-heading\" data-counter=\"1\">Sat\u0131\u015f ve Pazarlama M\u00fcd\u00fcr\u00fc<\/h3><div data-content class=\"ut-accordion-module-content\"><div class=\"ut-accordion-module-inner entry-content clearfix\"><\/p>\n<p class=\"p1\">Ekibimize Kat\u0131l\u0131n ve M\u00fckemmeliyete \u00d6nc\u00fcl\u00fck Edin.<\/p>\n<p class=\"p1\">Ba\u015f Group, yenilik\u00e7i ve h\u0131zl\u0131 tempolu ekibimize kat\u0131lacak dinamik ve motive bir Sat\u0131\u015f ve Pazarlama M\u00fcd\u00fcr\u00fc ar\u0131yor. E\u011fer sat\u0131\u015f, m\u00fc\u015fteri ili\u015fkileri y\u00f6netimi ve sonu\u00e7 odakl\u0131 \u00e7al\u0131\u015fma konular\u0131nda tutkuluysan\u0131z, ba\u015fvurunuzu bekliyoruz.<\/p>\n<p class=\"p1\"><b>Genel Nitelikler<\/b><\/p>\n<p class=\"p1\">A\u015fa\u011f\u0131daki \u00f6zelliklere sahip adaylar ar\u0131yoruz:<\/p>\n<ul class=\"ul1\">\n<li class=\"li1\">Sat\u0131\u015f alan\u0131nda ba\u015far\u0131l\u0131 bir kariyer hedefleyen,<\/li>\n<li class=\"li1\">\u0130kna kabiliyeti ve ba\u015far\u0131 odakl\u0131l\u0131k konusunda kendini kan\u0131tlam\u0131\u015f,<\/li>\n<li class=\"li1\">M\u00fc\u015fteri y\u00f6netimi ve ili\u015fkileri geli\u015ftirme konusunda yetenekli,<\/li>\n<li class=\"li1\">Planlama ve organizasyon becerileri g\u00fc\u00e7l\u00fc,<\/li>\n<li class=\"li1\">Erkek adaylar i\u00e7in askerlik hizmetini tamamlam\u0131\u015f veya en az bir y\u0131l tecil ettirmi\u015f,<\/li>\n<li class=\"li1\">\u0130ngilizce ve Frans\u0131zca bilen (\u00fc\u00e7\u00fcnc\u00fc bir dil tercih sebebidir),<\/li>\n<li class=\"li1\">MS Office programlar\u0131na hakim,<\/li>\n<li class=\"li1\">\u00d6\u011frenmeye istekli, i\u015f takibi ve sonu\u00e7land\u0131rma becerisi y\u00fcksek,<\/li>\n<li class=\"li1\">H\u0131zl\u0131 tempolu bir ortamda \u00e7al\u0131\u015fabilen, analitik d\u00fc\u015f\u00fcnen ve problem \u00e7\u00f6zme becerilerine sahip,<\/li>\n<li class=\"li1\">\u0130leti\u015fim ve planlama konusunda g\u00fc\u00e7l\u00fc,<\/li>\n<li class=\"li1\">Seyahat engeli bulunmayan,<\/li>\n<li class=\"li1\">\u0130stanbul Avrupa yakas\u0131nda ikamet eden veya ikamet etmeyi planlayan.<\/li>\n<\/ul>\n<p class=\"p1\"><b>\u0130\u015f Tan\u0131m\u0131<\/b><\/p>\n<p class=\"p1\">Bir Sat\u0131\u015f ve Pazarlama M\u00fcd\u00fcr\u00fc olarak:<\/p>\n<ul class=\"ul1\">\n<li class=\"li1\">M\u00fc\u015fteri portf\u00f6y\u00fc olu\u015fturacak ve y\u00f6neteceksiniz.<\/li>\n<li class=\"li1\">Potansiyel m\u00fc\u015fterilere ula\u015farak \u00fcr\u00fcn sat\u0131\u015flar\u0131n\u0131 art\u0131racaks\u0131n\u0131z.<\/li>\n<li class=\"li1\">Sat\u0131\u015f sonras\u0131 m\u00fc\u015fterilere dan\u0131\u015fmanl\u0131k hizmeti sunacaks\u0131n\u0131z.<\/li>\n<li class=\"li1\">M\u00fc\u015fteri memnuniyetini sa\u011flayarak portf\u00f6y y\u00f6netimini etkin bir \u015fekilde ger\u00e7ekle\u015ftireceksiniz.<\/li>\n<\/ul>\n<p class=\"p3\"><a href=\"#\" id=\"buttonx\" class=\"popmake-5830\"><b>Ba\u015fvurunuzu Yap\u0131n<\/b><\/a> ve Ba\u015f Group\u2019un k\u00fcresel ambalaj sekt\u00f6r\u00fcndeki yenilik\u00e7i yolculu\u011funun bir par\u00e7as\u0131 olun.<\/p>\n<p>\n<\/div><\/div><\/div><div data-accordion data-accordion data-single data-transition=\"400\" data-easing=\"ease\" class=\"ut-accordion-module-item \"><h3 data-control class=\"ut-accordion-module-heading\" data-counter=\"2\">\u0130hracat Operasyonlar\u0131 Uzman\u0131<\/h3><div data-content class=\"ut-accordion-module-content\"><div class=\"ut-accordion-module-inner entry-content clearfix\"><\/p>\n<p class=\"p1\">Ekibimize Kat\u0131l\u0131n ve K\u00fcresel Ba\u015far\u0131ya Y\u00f6n Verin.<\/p>\n<p class=\"p1\">Ba\u015f Group, ihracat s\u00fcre\u00e7lerini y\u00f6netmek ve optimize etmek i\u00e7in detay odakl\u0131 ve proaktif bir \u0130hracat Operasyon Uzman\u0131 ar\u0131yor. Uluslararas\u0131 ticaret ve lojistik alan\u0131nda tutkuluysan\u0131z ve dinamik bir \u00e7al\u0131\u015fma ortam\u0131nda ba\u015far\u0131l\u0131 olaca\u011f\u0131n\u0131za inan\u0131yorsan\u0131z, ba\u015fvurunuzu bekliyoruz.<\/p>\n<p class=\"p1\"><b>Genel Nitelikler<\/b><\/p>\n<p class=\"p1\">A\u015fa\u011f\u0131daki \u00f6zelliklere sahip adaylar ar\u0131yoruz:<\/p>\n<ul class=\"ul1\">\n<li class=\"li1\">\u0130lgili \u00fcniversite b\u00f6l\u00fcmlerinden mezun,<\/li>\n<li class=\"li1\">\u0130hracat veya lojistik alan\u0131nda 2\u20133 y\u0131l deneyimli,<\/li>\n<li class=\"li1\">G\u00fcmr\u00fck mevzuat\u0131 ve lojistik s\u00fcre\u00e7leri hakk\u0131nda bilgi sahibi,<\/li>\n<li class=\"li1\">\u0130ngilizce bilen (ikinci bir dil tercih sebebidir),<\/li>\n<li class=\"li1\">MS Office programlar\u0131na hakim,<\/li>\n<li class=\"li1\">\u00d6\u011frenmeye istekli, i\u015f takibi ve sonu\u00e7land\u0131rma becerisi y\u00fcksek,<\/li>\n<li class=\"li1\">H\u0131zl\u0131 tempolu bir ortamda \u00e7al\u0131\u015fabilen, analitik d\u00fc\u015f\u00fcnen ve problem \u00e7\u00f6zme becerilerine sahip,<\/li>\n<li class=\"li1\">Seyahat engeli bulunmayan,<\/li>\n<li class=\"li1\">Erkek adaylar i\u00e7in askerlik hizmetini tamamlam\u0131\u015f,<\/li>\n<li class=\"li1\">\u0130stanbul Avrupa yakas\u0131nda ikamet eden veya ikamet etmeyi planlayan.<\/li>\n<\/ul>\n<p class=\"p1\"><b>\u0130\u015f Tan\u0131m\u0131<\/b><\/p>\n<p class=\"p1\">Bir \u0130hracat Operasyon Uzman\u0131 olarak:<\/p>\n<ul class=\"ul1\">\n<li class=\"li1\">Sipari\u015f al\u0131m\u0131ndan sonra ihracat\u0131 programlayacak, operasyonel i\u015flemleri y\u00fcr\u00fctecek ve takip edeceksiniz.<\/li>\n<li class=\"li1\">Finans, \u00dcretim ve Lojistik ekipleriyle koordinasyon i\u00e7inde s\u00fcre\u00e7leri planlayacak ve takip edeceksiniz.<\/li>\n<li class=\"li1\">\u0130hracat prosed\u00fcrlerine ili\u015fkin gerekli t\u00fcm belgeleri haz\u0131rlayacaks\u0131n\u0131z.<\/li>\n<li class=\"li1\">\u0130lgili m\u00fc\u015fterilere ve birimlere ihracatla ilgili g\u00fcncellemeleri ileteceksiniz.<\/li>\n<li class=\"li1\">\u0130hracatla ilgili giderleri y\u00f6netecek ve sisteme kaydedeceksiniz.<\/li>\n<li class=\"li1\">\u0130hracatla ilgili muhasebe i\u015flemlerini ve tahsilatlar\u0131 takip edecek, ilgili birimlere raporlayacaks\u0131n\u0131z.<\/li>\n<li class=\"li1\">\u0130hracat operasyonlar\u0131yla ilgili sunumlar ve raporlar haz\u0131rlayacaks\u0131n\u0131z.<\/li>\n<li class=\"li1\">\u0130lgili mevzuata uygunluk sa\u011flayacaks\u0131n\u0131z.<\/li>\n<\/ul>\n<p class=\"p3\"><a href=\"#\" id=\"buttonx\" class=\"popmake-5830\"><b>Ba\u015fvurunuzu Yap\u0131n<\/b><\/a> ve Ba\u015f Group\u2019un yenilik\u00e7i ve k\u00fcresel b\u00fcy\u00fcmesine katk\u0131 sa\u011flay\u0131n.<\/p>\n<p>\n<\/div><\/div><\/div><div data-accordion data-accordion data-single data-transition=\"400\" data-easing=\"ease\" class=\"ut-accordion-module-item \"><h3 data-control class=\"ut-accordion-module-heading\" data-counter=\"3\">Depo Personeli<\/h3><div data-content class=\"ut-accordion-module-content\"><div class=\"ut-accordion-module-inner entry-content clearfix\"><\/p>\n<p class=\"p1\"><i>Ekibimize Kat\u0131l\u0131n ve Operasyonlar\u0131n Sorunsuz Y\u00fcr\u00fct\u00fclmesini Sa\u011flay\u0131n.<\/i><\/p>\n<p class=\"p1\">Ba\u015f Group, lojistik ve stok y\u00f6netimi operasyonlar\u0131m\u0131z\u0131 desteklemek i\u00e7in d\u00fczenli ve proaktif bir Depo Personeli ar\u0131yor. E\u011fer planlama, raporlama ve zaman y\u00f6netiminde yetkin oldu\u011funuzu d\u00fc\u015f\u00fcn\u00fcyorsan\u0131z, ba\u015fvurunuzu bekliyoruz.<\/p>\n<p class=\"p1\"><b>Genel Nitelikler<\/b><\/p>\n<p class=\"p1\">A\u015fa\u011f\u0131daki \u00f6zelliklere sahip adaylar ar\u0131yoruz:<\/p>\n<ul class=\"ul1\">\n<li class=\"li1\">\u00dcniversitelerin lisans programlar\u0131ndan mezun,<\/li>\n<li class=\"li1\">Lojistik ve stok y\u00f6netimi alan\u0131nda en az 2 y\u0131l deneyimli,<\/li>\n<li class=\"li1\">Planlama, raporlama ve analiz konular\u0131nda g\u00fc\u00e7l\u00fc becerilere sahip,<\/li>\n<li class=\"li1\">Etkin ekip y\u00f6netimi yapabilen,<\/li>\n<li class=\"li1\">Zaman y\u00f6netimi konusunda ba\u015far\u0131l\u0131,<\/li>\n<li class=\"li1\">\u0130stanbul Avrupa yakas\u0131nda ikamet eden veya ikamet etmeyi planlayan.<\/li>\n<\/ul>\n<p class=\"p1\"><b>\u0130\u015f Tan\u0131m\u0131<\/b><\/p>\n<p class=\"p1\">Bir Depo Personeli olarak:<\/p>\n<ul class=\"ul1\">\n<li class=\"li1\">Fabrikadaki t\u00fcm sevkiyat operasyonlar\u0131n\u0131 y\u00f6neterek m\u00fc\u015fteri ve tedarik\u00e7i lojistik faaliyetlerini koordine edeceksiniz.<\/li>\n<li class=\"li1\">Lojistik prosed\u00fcrlerinin uygulanmas\u0131n\u0131 sa\u011flayacak ve etkinli\u011fini kontrol edeceksiniz.<\/li>\n<li class=\"li1\">Operasyonel s\u00fcre\u00e7leri zaman\u0131nda ve en y\u00fcksek kalite standartlar\u0131nda tamamlayacaks\u0131n\u0131z.<\/li>\n<li class=\"li1\">Operasyonel verimlili\u011fi art\u0131rmak ve lojistik maliyetlerini d\u00fc\u015f\u00fcrmek i\u00e7in \u00e7al\u0131\u015fmalar yapacaks\u0131n\u0131z.<\/li>\n<li class=\"li1\">Stok ve sevkiyat faaliyetlerini etkin bir \u015fekilde y\u00f6neteceksiniz.<\/li>\n<li class=\"li1\">\u0130\u015f b\u00fcy\u00fcmesini desteklemek i\u00e7in lojistik projelerde yer alacak ve katk\u0131 sa\u011flayacaks\u0131n\u0131z.<\/li>\n<\/ul>\n<p class=\"p1\"><a href=\"#\" id=\"buttonx\" class=\"popmake-5830\"><b>Ba\u015fvurunuzu Yap\u0131n<\/b><\/a> ve Ba\u015f Group\u2019un lojistik operasyonlar\u0131n\u0131n vazge\u00e7ilmez bir par\u00e7as\u0131 olun.<\/p>\n<p>\n<\/div><\/div><\/div><\/div><\/div>[\/vc_column][\/vc_row][\/vc_section]<\/p>\n<\/div>","protected":false},"excerpt":{"rendered":"<p>[vc_section][vc_row][vc_column][\/vc_column][\/vc_row][\/vc_section]<\/p>\n","protected":false},"author":1,"featured_media":0,"parent":0,"menu_order":0,"comment_status":"closed","ping_status":"closed","template":"","meta":{"footnotes":""},"class_list":["post-5807","page","type-page","status-publish","hentry"],"_links":{"self":[{"href":"https:\/\/www.basgroupglobal.com\/tr\/wp-json\/wp\/v2\/pages\/5807","targetHints":{"allow":["GET"]}}],"collection":[{"href":"https:\/\/www.basgroupglobal.com\/tr\/wp-json\/wp\/v2\/pages"}],"about":[{"href":"https:\/\/www.basgroupglobal.com\/tr\/wp-json\/wp\/v2\/types\/page"}],"author":[{"embeddable":true,"href":"https:\/\/www.basgroupglobal.com\/tr\/wp-json\/wp\/v2\/users\/1"}],"replies":[{"embeddable":true,"href":"https:\/\/www.basgroupglobal.com\/tr\/wp-json\/wp\/v2\/comments?post=5807"}],"version-history":[{"count":7,"href":"https:\/\/www.basgroupglobal.com\/tr\/wp-json\/wp\/v2\/pages\/5807\/revisions"}],"predecessor-version":[{"id":7259,"href":"https:\/\/www.basgroupglobal.com\/tr\/wp-json\/wp\/v2\/pages\/5807\/revisions\/7259"}],"wp:attachment":[{"href":"https:\/\/www.basgroupglobal.com\/tr\/wp-json\/wp\/v2\/media?parent=5807"}],"curies":[{"name":"wp","href":"https:\/\/api.w.org\/{rel}","templated":true}]}}